{"id":28,"date":"2017-08-15T04:51:22","date_gmt":"2017-08-15T04:51:22","guid":{"rendered":"http:\/\/7uptheme.com\/wordpress\/handmade\/?page_id=28"},"modified":"2024-09-16T12:09:26","modified_gmt":"2024-09-16T10:09:26","slug":"home-2","status":"publish","type":"page","link":"https:\/\/naturdepil.hr\/en\/","title":{"rendered":"Home"},"content":{"rendered":"\t\t<div data-elementor-type=\"wp-page\" data-elementor-id=\"28\" class=\"elementor elementor-28\" data-elementor-post-type=\"page\">\n\t\t\t\t\t\t<section class=\"elementor-section elementor-top-section elementor-element elementor-element-0b23a27 elementor-section-full_width elementor-section-content-top elementor-section-height-default elementor-section-height-default\" data-id=\"0b23a27\" data-element_type=\"section\" data-e-type=\"section\">\n\t\t\t\t\t\t<div class=\"elementor-container elementor-column-gap-default\">\n\t\t\t\t\t<div class=\"elementor-column elementor-col-100 elementor-top-column elementor-element elementor-element-bc50f3a\" data-id=\"bc50f3a\" data-element_type=\"column\" data-e-type=\"column\">\n\t\t\t<div class=\"elementor-widget-wrap elementor-element-populated\">\n\t\t\t\t\t\t<div class=\"elementor-element elementor-element-ec2368a elementor-widget__width-inherit elementor--h-position-left elementor--v-position-middle elementor-arrows-position-inside elementor-pagination-position-inside elementor-widget elementor-widget-slides\" data-id=\"ec2368a\" data-element_type=\"widget\" data-e-type=\"widget\" data-settings=\"{&quot;transition&quot;:&quot;fade&quot;,&quot;navigation&quot;:&quot;both&quot;,&quot;autoplay&quot;:&quot;yes&quot;,&quot;pause_on_hover&quot;:&quot;yes&quot;,&quot;pause_on_interaction&quot;:&quot;yes&quot;,&quot;autoplay_speed&quot;:5000,&quot;infinite&quot;:&quot;yes&quot;,&quot;transition_speed&quot;:500}\" data-widget_type=\"slides.default\">\n\t\t\t\t<div class=\"elementor-widget-container\">\n\t\t\t\t\t\t\t\t\t<div class=\"elementor-swiper\">\n\t\t\t\t\t<div class=\"elementor-slides-wrapper elementor-main-swiper swiper\" role=\"region\" aria-roledescription=\"carousel\" aria-label=\"Slides\" dir=\"ltr\" data-animation=\"fadeInUp\">\n\t\t\t\t<div class=\"swiper-wrapper elementor-slides\">\n\t\t\t\t\t\t\t\t\t\t<div class=\"elementor-repeater-item-b96261f swiper-slide\" role=\"group\" aria-roledescription=\"slide\"><div class=\"swiper-slide-bg elementor-ken-burns elementor-ken-burns--out\" role=\"img\" aria-label=\"naturdepil_homeslider_01\"><\/div><div class=\"elementor-background-overlay\"><\/div><a class=\"swiper-slide-inner\" href=\"https:\/\/naturdepil.hr\/en\/naturdepil-kolekcija\/\"><div class=\"swiper-slide-contents\"><div class=\"elementor-slide-heading\">Dobro do\u0161li u novu revoluciju profesionalne depilacije<\/div><div class=\"elementor-slide-description\">Na\u010dela ljepote se mijenjaju...<\/div><div  class=\"elementor-button elementor-slide-button elementor-size-md\">Saznaj vi\u0161e<\/div><\/div><\/a><\/div><div class=\"elementor-repeater-item-a694390 swiper-slide\" role=\"group\" aria-roledescription=\"slide\"><div class=\"swiper-slide-bg elementor-ken-burns elementor-ken-burns--out\" role=\"img\" aria-label=\"naturdepil_homeslider_02\"><\/div><div class=\"elementor-background-overlay\"><\/div><a class=\"swiper-slide-inner\" href=\"https:\/\/naturdepil.hr\/webshop\/\"><div class=\"swiper-slide-contents\"><div class=\"elementor-slide-heading\">Inovativna depilacijska kozmetika<\/div><div class=\"elementor-slide-description\">Za tretmane prije i poslije depiliranja<\/div><div  class=\"elementor-button elementor-slide-button elementor-size-md\">Saznaj vi\u0161e<\/div><\/div><\/a><\/div><div class=\"elementor-repeater-item-6ef06a0 swiper-slide\" role=\"group\" aria-roledescription=\"slide\"><div class=\"swiper-slide-bg elementor-ken-burns elementor-ken-burns--out\" role=\"img\" aria-label=\"naturdepil_homeslider_03\"><\/div><div class=\"elementor-background-overlay\"><\/div><a class=\"swiper-slide-inner\" href=\"https:\/\/naturdepil.hr\/webshop\/\"><div class=\"swiper-slide-contents\"><div class=\"elementor-slide-heading\">Aktivni sastojci ljekovitih biljaka<\/div><div class=\"elementor-slide-description\">Depilacijski tretmani na principu fitoterpije<\/div><div  class=\"elementor-button elementor-slide-button elementor-size-md\">Saznaj vi\u0161e<\/div><\/div><\/a><\/div>\t\t\t\t<\/div>\n\t\t\t\t\t\t\t\t\t\t\t\t\t\t\t<div class=\"elementor-swiper-button elementor-swiper-button-prev\" role=\"button\" tabindex=\"0\" aria-label=\"Previous slide\">\n\t\t\t\t\t\t\t<i aria-hidden=\"true\" class=\"eicon-chevron-left\"><\/i>\t\t\t\t\t\t<\/div>\n\t\t\t\t\t\t<div class=\"elementor-swiper-button elementor-swiper-button-next\" role=\"button\" tabindex=\"0\" aria-label=\"Next slide\">\n\t\t\t\t\t\t\t<i aria-hidden=\"true\" class=\"eicon-chevron-right\"><\/i>\t\t\t\t\t\t<\/div>\n\t\t\t\t\t\t\t\t\t\t\t\t\t\t\t\t<div class=\"swiper-pagination\"><\/div>\n\t\t\t\t\t\t\t\t\t\t\t\t<\/div>\n\t\t\t\t<\/div>\n\t\t\t\t\t\t\t\t<\/div>\n\t\t\t\t<\/div>\n\t\t\t\t\t<\/div>\n\t\t<\/div>\n\t\t\t\t\t<\/div>\n\t\t<\/section>\n\t\t\t\t<section class=\"elementor-section elementor-top-section elementor-element elementor-element-e8af1a1 elementor-section-boxed elementor-section-height-default elementor-section-height-default\" data-id=\"e8af1a1\" data-element_type=\"section\" data-e-type=\"section\">\n\t\t\t\t\t\t<div class=\"elementor-container elementor-column-gap-default\">\n\t\t\t\t\t<div class=\"elementor-column elementor-col-100 elementor-top-column elementor-element elementor-element-6f216a7\" data-id=\"6f216a7\" data-element_type=\"column\" data-e-type=\"column\">\n\t\t\t<div class=\"elementor-widget-wrap elementor-element-populated\">\n\t\t\t\t\t\t<div class=\"elementor-element elementor-element-96667e7 elementor-widget elementor-widget-spacer\" data-id=\"96667e7\" data-element_type=\"widget\" data-e-type=\"widget\" data-widget_type=\"spacer.default\">\n\t\t\t\t<div class=\"elementor-widget-container\">\n\t\t\t\t\t\t\t<div class=\"elementor-spacer\">\n\t\t\t<div class=\"elementor-spacer-inner\"><\/div>\n\t\t<\/div>\n\t\t\t\t\t\t<\/div>\n\t\t\t\t<\/div>\n\t\t\t\t<div class=\"elementor-element elementor-element-db0003f elementor-widget elementor-widget-heading\" data-id=\"db0003f\" data-element_type=\"widget\" data-e-type=\"widget\" data-widget_type=\"heading.default\">\n\t\t\t\t<div class=\"elementor-widget-container\">\n\t\t\t\t\t<h2 class=\"elementor-heading-title elementor-size-default\">Zadnje novosti<\/h2>\t\t\t\t<\/div>\n\t\t\t\t<\/div>\n\t\t\t\t<div class=\"elementor-element elementor-element-349bba1 elementor-widget-divider--view-line elementor-widget elementor-widget-divider\" data-id=\"349bba1\" data-element_type=\"widget\" data-e-type=\"widget\" data-widget_type=\"divider.default\">\n\t\t\t\t<div class=\"elementor-widget-container\">\n\t\t\t\t\t\t\t<div class=\"elementor-divider\">\n\t\t\t<span class=\"elementor-divider-separator\">\n\t\t\t\t\t\t<\/span>\n\t\t<\/div>\n\t\t\t\t\t\t<\/div>\n\t\t\t\t<\/div>\n\t\t\t\t<div class=\"elementor-element elementor-element-4ffe8f9 elementor-grid-3 elementor-grid-tablet-2 elementor-grid-mobile-1 elementor-posts--thumbnail-top elementor-card-shadow-yes elementor-posts__hover-gradient elementor-widget elementor-widget-posts\" data-id=\"4ffe8f9\" data-element_type=\"widget\" data-e-type=\"widget\" data-settings=\"{&quot;cards_columns&quot;:&quot;3&quot;,&quot;cards_columns_tablet&quot;:&quot;2&quot;,&quot;cards_columns_mobile&quot;:&quot;1&quot;,&quot;cards_row_gap&quot;:{&quot;unit&quot;:&quot;px&quot;,&quot;size&quot;:35,&quot;sizes&quot;:[]},&quot;cards_row_gap_tablet&quot;:{&quot;unit&quot;:&quot;px&quot;,&quot;size&quot;:&quot;&quot;,&quot;sizes&quot;:[]},&quot;cards_row_gap_mobile&quot;:{&quot;unit&quot;:&quot;px&quot;,&quot;size&quot;:&quot;&quot;,&quot;sizes&quot;:[]}}\" data-widget_type=\"posts.cards\">\n\t\t\t\t<div class=\"elementor-widget-container\">\n\t\t\t\t\t\t\t<div class=\"elementor-posts-container elementor-posts elementor-posts--skin-cards elementor-grid\" role=\"list\">\n\t\t\t\t<article class=\"elementor-post elementor-grid-item post-3299 post type-post status-publish format-standard has-post-thumbnail hentry category-uncategorized\" role=\"listitem\">\n\t\t\t<div class=\"elementor-post__card\">\n\t\t\t\t<a class=\"elementor-post__thumbnail__link\" href=\"https:\/\/naturdepil.hr\/en\/proline-brand-proizvoda\/\" tabindex=\"-1\" ><div class=\"elementor-post__thumbnail\"><img fetchpriority=\"high\" decoding=\"async\" width=\"500\" height=\"302\" src=\"https:\/\/naturdepil.hr\/wp-content\/uploads\/2024\/09\/proline-waxes-group-500x302.jpg\" class=\"attachment-medium size-medium wp-image-3421\" alt=\"\" srcset=\"https:\/\/naturdepil.hr\/wp-content\/uploads\/2024\/09\/proline-waxes-group-500x302.jpg 500w, https:\/\/naturdepil.hr\/wp-content\/uploads\/2024\/09\/proline-waxes-group-1024x618.jpg 1024w, https:\/\/naturdepil.hr\/wp-content\/uploads\/2024\/09\/proline-waxes-group-768x463.jpg 768w, https:\/\/naturdepil.hr\/wp-content\/uploads\/2024\/09\/proline-waxes-group-1536x927.jpg 1536w, https:\/\/naturdepil.hr\/wp-content\/uploads\/2024\/09\/proline-waxes-group-18x12.jpg 18w, https:\/\/naturdepil.hr\/wp-content\/uploads\/2024\/09\/proline-waxes-group-800x483.jpg 800w, https:\/\/naturdepil.hr\/wp-content\/uploads\/2024\/09\/proline-waxes-group.jpg 1719w\" sizes=\"(max-width: 500px) 100vw, 500px\" \/><\/div><\/a>\n\t\t\t\t<div class=\"elementor-post__text\">\n\t\t\t\t<h3 class=\"elementor-post__title\">\n\t\t\t<a href=\"https:\/\/naturdepil.hr\/en\/proline-brand-proizvoda\/\" >\n\t\t\t\tPROLINE brand proizvoda\t\t\t<\/a>\n\t\t<\/h3>\n\t\t\t\t<div class=\"elementor-post__excerpt\">\n\t\t\t<p>I slu\u017ebeno smo nakon nekog vremena i testiranja lansirali brand &#8220;PROLINE&#8221; namjenjen profesionalcima, a koji je iznimno konkurentan cijenom i kvalitetom!<\/p>\n\t\t<\/div>\n\t\t\t\t\t<div class=\"elementor-post__read-more-wrapper\">\n\t\t\n\t\t<a class=\"elementor-post__read-more\" href=\"https:\/\/naturdepil.hr\/en\/proline-brand-proizvoda\/\" aria-label=\"Read more about PROLINE brand proizvoda\" tabindex=\"-1\" >\n\t\t\tPro\u010ditaj vi\u0161e \u00bb\t\t<\/a>\n\n\t\t\t\t\t<\/div>\n\t\t\t\t<\/div>\n\t\t\t\t\t<\/div>\n\t\t<\/article>\n\t\t\t\t<article class=\"elementor-post elementor-grid-item post-3293 post type-post status-publish format-standard has-post-thumbnail hentry category-uncategorized\" role=\"listitem\">\n\t\t\t<div class=\"elementor-post__card\">\n\t\t\t\t<a class=\"elementor-post__thumbnail__link\" href=\"https:\/\/naturdepil.hr\/en\/revolucija-u-svijetu-depilacije\/\" tabindex=\"-1\" ><div class=\"elementor-post__thumbnail\"><img decoding=\"async\" width=\"500\" height=\"333\" src=\"https:\/\/naturdepil.hr\/wp-content\/uploads\/2024\/09\/naturdepil-hero-photo01-500x333.jpg\" class=\"attachment-medium size-medium wp-image-3426\" alt=\"\" srcset=\"https:\/\/naturdepil.hr\/wp-content\/uploads\/2024\/09\/naturdepil-hero-photo01-500x333.jpg 500w, https:\/\/naturdepil.hr\/wp-content\/uploads\/2024\/09\/naturdepil-hero-photo01-1024x683.jpg 1024w, https:\/\/naturdepil.hr\/wp-content\/uploads\/2024\/09\/naturdepil-hero-photo01-768x512.jpg 768w, https:\/\/naturdepil.hr\/wp-content\/uploads\/2024\/09\/naturdepil-hero-photo01-1536x1024.jpg 1536w, https:\/\/naturdepil.hr\/wp-content\/uploads\/2024\/09\/naturdepil-hero-photo01-18x12.jpg 18w, https:\/\/naturdepil.hr\/wp-content\/uploads\/2024\/09\/naturdepil-hero-photo01-800x533.jpg 800w, https:\/\/naturdepil.hr\/wp-content\/uploads\/2024\/09\/naturdepil-hero-photo01.jpg 1920w\" sizes=\"(max-width: 500px) 100vw, 500px\" \/><\/div><\/a>\n\t\t\t\t<div class=\"elementor-post__text\">\n\t\t\t\t<h3 class=\"elementor-post__title\">\n\t\t\t<a href=\"https:\/\/naturdepil.hr\/en\/revolucija-u-svijetu-depilacije\/\" >\n\t\t\t\tRevolucija u svijetu depilacije\t\t\t<\/a>\n\t\t<\/h3>\n\t\t\t\t<div class=\"elementor-post__excerpt\">\n\t\t\t<p>Mi smo prona\u0161li na\u010din i formulu da Naturdepil vosak bude prvi u svijetu koji \u0107e spojiti depilaciju i prirodno.<\/p>\n\t\t<\/div>\n\t\t\t\t\t<div class=\"elementor-post__read-more-wrapper\">\n\t\t\n\t\t<a class=\"elementor-post__read-more\" href=\"https:\/\/naturdepil.hr\/en\/revolucija-u-svijetu-depilacije\/\" aria-label=\"Read more about Revolucija u svijetu depilacije\" tabindex=\"-1\" >\n\t\t\tPro\u010ditaj vi\u0161e \u00bb\t\t<\/a>\n\n\t\t\t\t\t<\/div>\n\t\t\t\t<\/div>\n\t\t\t\t\t<\/div>\n\t\t<\/article>\n\t\t\t\t<article class=\"elementor-post elementor-grid-item post-3305 post type-post status-publish format-standard has-post-thumbnail hentry category-uncategorized\" role=\"listitem\">\n\t\t\t<div class=\"elementor-post__card\">\n\t\t\t\t<a class=\"elementor-post__thumbnail__link\" href=\"https:\/\/naturdepil.hr\/en\/nasi-partneri-u-hrvatskoj\/\" tabindex=\"-1\" ><div class=\"elementor-post__thumbnail\"><img decoding=\"async\" width=\"500\" height=\"281\" src=\"https:\/\/naturdepil.hr\/wp-content\/uploads\/2024\/09\/news-naturdepil-partners-500x281.jpg\" class=\"attachment-medium size-medium wp-image-3450\" alt=\"\" srcset=\"https:\/\/naturdepil.hr\/wp-content\/uploads\/2024\/09\/news-naturdepil-partners-500x281.jpg 500w, https:\/\/naturdepil.hr\/wp-content\/uploads\/2024\/09\/news-naturdepil-partners-1024x576.jpg 1024w, https:\/\/naturdepil.hr\/wp-content\/uploads\/2024\/09\/news-naturdepil-partners-768x432.jpg 768w, https:\/\/naturdepil.hr\/wp-content\/uploads\/2024\/09\/news-naturdepil-partners-1536x864.jpg 1536w, https:\/\/naturdepil.hr\/wp-content\/uploads\/2024\/09\/news-naturdepil-partners-18x10.jpg 18w, https:\/\/naturdepil.hr\/wp-content\/uploads\/2024\/09\/news-naturdepil-partners-800x450.jpg 800w, https:\/\/naturdepil.hr\/wp-content\/uploads\/2024\/09\/news-naturdepil-partners.jpg 1920w\" sizes=\"(max-width: 500px) 100vw, 500px\" \/><\/div><\/a>\n\t\t\t\t<div class=\"elementor-post__text\">\n\t\t\t\t<h3 class=\"elementor-post__title\">\n\t\t\t<a href=\"https:\/\/naturdepil.hr\/en\/nasi-partneri-u-hrvatskoj\/\" >\n\t\t\t\tNa\u0161i partneri u Hrvatskoj\t\t\t<\/a>\n\t\t<\/h3>\n\t\t\t\t<div class=\"elementor-post__excerpt\">\n\t\t\t<p>Saznajte vi\u0161e o na\u0161im partnerima u Hrvatskoj.<\/p>\n\t\t<\/div>\n\t\t\t\t\t<div class=\"elementor-post__read-more-wrapper\">\n\t\t\n\t\t<a class=\"elementor-post__read-more\" href=\"https:\/\/naturdepil.hr\/en\/nasi-partneri-u-hrvatskoj\/\" aria-label=\"Read more about Na\u0161i partneri u Hrvatskoj\" tabindex=\"-1\" >\n\t\t\tPro\u010ditaj vi\u0161e \u00bb\t\t<\/a>\n\n\t\t\t\t\t<\/div>\n\t\t\t\t<\/div>\n\t\t\t\t\t<\/div>\n\t\t<\/article>\n\t\t\t\t<article class=\"elementor-post elementor-grid-item post-3295 post type-post status-publish format-standard has-post-thumbnail hentry category-uncategorized\" role=\"listitem\">\n\t\t\t<div class=\"elementor-post__card\">\n\t\t\t\t<a class=\"elementor-post__thumbnail__link\" href=\"https:\/\/naturdepil.hr\/en\/naturdepil-kamilica\/\" tabindex=\"-1\" ><div class=\"elementor-post__thumbnail\"><img loading=\"lazy\" decoding=\"async\" width=\"500\" height=\"281\" src=\"https:\/\/naturdepil.hr\/wp-content\/uploads\/2024\/09\/news-naturdepil-chamomile-500x281.jpg\" class=\"attachment-medium size-medium wp-image-3435\" alt=\"\" srcset=\"https:\/\/naturdepil.hr\/wp-content\/uploads\/2024\/09\/news-naturdepil-chamomile-500x281.jpg 500w, https:\/\/naturdepil.hr\/wp-content\/uploads\/2024\/09\/news-naturdepil-chamomile-1024x576.jpg 1024w, https:\/\/naturdepil.hr\/wp-content\/uploads\/2024\/09\/news-naturdepil-chamomile-768x432.jpg 768w, https:\/\/naturdepil.hr\/wp-content\/uploads\/2024\/09\/news-naturdepil-chamomile-1536x864.jpg 1536w, https:\/\/naturdepil.hr\/wp-content\/uploads\/2024\/09\/news-naturdepil-chamomile-18x10.jpg 18w, https:\/\/naturdepil.hr\/wp-content\/uploads\/2024\/09\/news-naturdepil-chamomile-800x450.jpg 800w, https:\/\/naturdepil.hr\/wp-content\/uploads\/2024\/09\/news-naturdepil-chamomile.jpg 1679w\" sizes=\"(max-width: 500px) 100vw, 500px\" \/><\/div><\/a>\n\t\t\t\t<div class=\"elementor-post__text\">\n\t\t\t\t<h3 class=\"elementor-post__title\">\n\t\t\t<a href=\"https:\/\/naturdepil.hr\/en\/naturdepil-kamilica\/\" >\n\t\t\t\tNaturdepil Kamilica\t\t\t<\/a>\n\t\t<\/h3>\n\t\t\t\t<div class=\"elementor-post__excerpt\">\n\t\t\t<p>Naturdepil Kamilica je jedini vosak u svijetu sa Azulenom u svome sastavu!!!<\/p>\n\t\t<\/div>\n\t\t\t\t\t<div class=\"elementor-post__read-more-wrapper\">\n\t\t\n\t\t<a class=\"elementor-post__read-more\" href=\"https:\/\/naturdepil.hr\/en\/naturdepil-kamilica\/\" aria-label=\"Read more about Naturdepil Kamilica\" tabindex=\"-1\" >\n\t\t\tPro\u010ditaj vi\u0161e \u00bb\t\t<\/a>\n\n\t\t\t\t\t<\/div>\n\t\t\t\t<\/div>\n\t\t\t\t\t<\/div>\n\t\t<\/article>\n\t\t\t\t<article class=\"elementor-post elementor-grid-item post-3303 post type-post status-publish format-standard has-post-thumbnail hentry category-uncategorized\" role=\"listitem\">\n\t\t\t<div class=\"elementor-post__card\">\n\t\t\t\t<a class=\"elementor-post__thumbnail__link\" href=\"https:\/\/naturdepil.hr\/en\/trazimo-distributere\/\" tabindex=\"-1\" ><div class=\"elementor-post__thumbnail\"><img loading=\"lazy\" decoding=\"async\" width=\"500\" height=\"282\" src=\"https:\/\/naturdepil.hr\/wp-content\/uploads\/2024\/09\/news-partners-500x282.jpg\" class=\"attachment-medium size-medium wp-image-3439\" alt=\"\" srcset=\"https:\/\/naturdepil.hr\/wp-content\/uploads\/2024\/09\/news-partners-500x282.jpg 500w, https:\/\/naturdepil.hr\/wp-content\/uploads\/2024\/09\/news-partners-1024x577.jpg 1024w, https:\/\/naturdepil.hr\/wp-content\/uploads\/2024\/09\/news-partners-768x432.jpg 768w, https:\/\/naturdepil.hr\/wp-content\/uploads\/2024\/09\/news-partners-1536x865.jpg 1536w, https:\/\/naturdepil.hr\/wp-content\/uploads\/2024\/09\/news-partners-18x10.jpg 18w, https:\/\/naturdepil.hr\/wp-content\/uploads\/2024\/09\/news-partners-800x450.jpg 800w, https:\/\/naturdepil.hr\/wp-content\/uploads\/2024\/09\/news-partners.jpg 1920w\" sizes=\"(max-width: 500px) 100vw, 500px\" \/><\/div><\/a>\n\t\t\t\t<div class=\"elementor-post__text\">\n\t\t\t\t<h3 class=\"elementor-post__title\">\n\t\t\t<a href=\"https:\/\/naturdepil.hr\/en\/trazimo-distributere\/\" >\n\t\t\t\tTra\u017eimo distributere!\t\t\t<\/a>\n\t\t<\/h3>\n\t\t\t\t<div class=\"elementor-post__excerpt\">\n\t\t\t<p>Tra\u017eimo distributere i poslovne partnere u Hrvatskoj i EU!!!<\/p>\n\t\t<\/div>\n\t\t\t\t\t<div class=\"elementor-post__read-more-wrapper\">\n\t\t\n\t\t<a class=\"elementor-post__read-more\" href=\"https:\/\/naturdepil.hr\/en\/trazimo-distributere\/\" aria-label=\"Read more about Tra\u017eimo distributere!\" tabindex=\"-1\" >\n\t\t\tPro\u010ditaj vi\u0161e \u00bb\t\t<\/a>\n\n\t\t\t\t\t<\/div>\n\t\t\t\t<\/div>\n\t\t\t\t\t<\/div>\n\t\t<\/article>\n\t\t\t\t<article class=\"elementor-post elementor-grid-item post-3301 post type-post status-publish format-standard has-post-thumbnail hentry category-uncategorized\" role=\"listitem\">\n\t\t\t<div class=\"elementor-post__card\">\n\t\t\t\t<a class=\"elementor-post__thumbnail__link\" href=\"https:\/\/naturdepil.hr\/en\/proline-cosmetics-u-mostaru\/\" tabindex=\"-1\" ><div class=\"elementor-post__thumbnail\"><img loading=\"lazy\" decoding=\"async\" width=\"500\" height=\"281\" src=\"https:\/\/naturdepil.hr\/wp-content\/uploads\/2024\/09\/news-proline-mostar-500x281.jpg\" class=\"attachment-medium size-medium wp-image-3449\" alt=\"\" srcset=\"https:\/\/naturdepil.hr\/wp-content\/uploads\/2024\/09\/news-proline-mostar-500x281.jpg 500w, https:\/\/naturdepil.hr\/wp-content\/uploads\/2024\/09\/news-proline-mostar-1024x576.jpg 1024w, https:\/\/naturdepil.hr\/wp-content\/uploads\/2024\/09\/news-proline-mostar-768x432.jpg 768w, https:\/\/naturdepil.hr\/wp-content\/uploads\/2024\/09\/news-proline-mostar-1536x864.jpg 1536w, https:\/\/naturdepil.hr\/wp-content\/uploads\/2024\/09\/news-proline-mostar-18x10.jpg 18w, https:\/\/naturdepil.hr\/wp-content\/uploads\/2024\/09\/news-proline-mostar-800x450.jpg 800w, https:\/\/naturdepil.hr\/wp-content\/uploads\/2024\/09\/news-proline-mostar.jpg 1920w\" sizes=\"(max-width: 500px) 100vw, 500px\" \/><\/div><\/a>\n\t\t\t\t<div class=\"elementor-post__text\">\n\t\t\t\t<h3 class=\"elementor-post__title\">\n\t\t\t<a href=\"https:\/\/naturdepil.hr\/en\/proline-cosmetics-u-mostaru\/\" >\n\t\t\t\tPROLINE COSMETICS u Mostaru\t\t\t<\/a>\n\t\t<\/h3>\n\t\t\t\t<div class=\"elementor-post__excerpt\">\n\t\t\t<p>Otvorili smo tvrtku PROLINE COSMETICS sa sjedi\u0161tem u Mostaru koja je po\u010dela sa radom.<\/p>\n\t\t<\/div>\n\t\t\t\t\t<div class=\"elementor-post__read-more-wrapper\">\n\t\t\n\t\t<a class=\"elementor-post__read-more\" href=\"https:\/\/naturdepil.hr\/en\/proline-cosmetics-u-mostaru\/\" aria-label=\"Read more about PROLINE COSMETICS u Mostaru\" tabindex=\"-1\" >\n\t\t\tPro\u010ditaj vi\u0161e \u00bb\t\t<\/a>\n\n\t\t\t\t\t<\/div>\n\t\t\t\t<\/div>\n\t\t\t\t\t<\/div>\n\t\t<\/article>\n\t\t\t\t<\/div>\n\t\t\n\t\t\t\t\t\t<\/div>\n\t\t\t\t<\/div>\n\t\t\t\t\t<\/div>\n\t\t<\/div>\n\t\t\t\t\t<\/div>\n\t\t<\/section>\n\t\t\t\t<section class=\"elementor-section elementor-top-section elementor-element elementor-element-5a04b44 elementor-section-boxed elementor-section-height-default elementor-section-height-default\" data-id=\"5a04b44\" data-element_type=\"section\" data-e-type=\"section\">\n\t\t\t\t\t\t<div class=\"elementor-container elementor-column-gap-default\">\n\t\t\t\t\t<div class=\"elementor-column elementor-col-100 elementor-top-column elementor-element elementor-element-3022bb4\" data-id=\"3022bb4\" data-element_type=\"column\" data-e-type=\"column\">\n\t\t\t<div class=\"elementor-widget-wrap elementor-element-populated\">\n\t\t\t\t\t\t<div class=\"elementor-element elementor-element-7cbe8f4 elementor-widget elementor-widget-spacer\" data-id=\"7cbe8f4\" data-element_type=\"widget\" data-e-type=\"widget\" data-widget_type=\"spacer.default\">\n\t\t\t\t<div class=\"elementor-widget-container\">\n\t\t\t\t\t\t\t<div class=\"elementor-spacer\">\n\t\t\t<div class=\"elementor-spacer-inner\"><\/div>\n\t\t<\/div>\n\t\t\t\t\t\t<\/div>\n\t\t\t\t<\/div>\n\t\t\t\t<div class=\"elementor-element elementor-element-8570324 elementor-widget elementor-widget-heading\" data-id=\"8570324\" data-element_type=\"widget\" data-e-type=\"widget\" data-widget_type=\"heading.default\">\n\t\t\t\t<div class=\"elementor-widget-container\">\n\t\t\t\t\t<h2 class=\"elementor-heading-title elementor-size-default\">Izdvojeni proizvodi<\/h2>\t\t\t\t<\/div>\n\t\t\t\t<\/div>\n\t\t\t\t<div class=\"elementor-element elementor-element-f67b925 elementor-widget-divider--view-line elementor-widget elementor-widget-divider\" data-id=\"f67b925\" data-element_type=\"widget\" data-e-type=\"widget\" data-widget_type=\"divider.default\">\n\t\t\t\t<div class=\"elementor-widget-container\">\n\t\t\t\t\t\t\t<div class=\"elementor-divider\">\n\t\t\t<span class=\"elementor-divider-separator\">\n\t\t\t\t\t\t<\/span>\n\t\t<\/div>\n\t\t\t\t\t\t<\/div>\n\t\t\t\t<\/div>\n\t\t\t\t<div class=\"elementor-element elementor-element-faaca52 elementor-grid-4 elementor-grid-tablet-3 elementor-grid-mobile-2 elementor-products-grid elementor-wc-products elementor-widget elementor-widget-woocommerce-products\" data-id=\"faaca52\" data-element_type=\"widget\" data-e-type=\"widget\" data-widget_type=\"woocommerce-products.default\">\n\t\t\t\t<div class=\"elementor-widget-container\">\n\t\t\t\t\t<div class=\"woocommerce columns-4 \"><ul class=\"products elementor-grid columns-4\">\n<li class=\"product type-product post-2836 status-publish first instock product_cat-preparati-za-masazu has-post-thumbnail taxable shipping-taxable purchasable product-type-simple\">\n\t<a href=\"https:\/\/naturdepil.hr\/en\/product\/ulje-za-masazu-basic-geranium-1000ml\/\" class=\"woocommerce-LoopProduct-link woocommerce-loop-product__link\"><img loading=\"lazy\" decoding=\"async\" width=\"500\" height=\"500\" src=\"https:\/\/naturdepil.hr\/wp-content\/uploads\/2021\/07\/IMG-20240124-WA0020-500x500.jpg\" class=\"attachment-woocommerce_thumbnail size-woocommerce_thumbnail\" alt=\"Ulje za masa\u017eu Kokos 1000ml\" srcset=\"https:\/\/naturdepil.hr\/wp-content\/uploads\/2021\/07\/IMG-20240124-WA0020-500x500.jpg 500w, https:\/\/naturdepil.hr\/wp-content\/uploads\/2021\/07\/IMG-20240124-WA0020-200x200.jpg 200w, https:\/\/naturdepil.hr\/wp-content\/uploads\/2021\/07\/IMG-20240124-WA0020-11x12.jpg 11w, https:\/\/naturdepil.hr\/wp-content\/uploads\/2021\/07\/IMG-20240124-WA0020-100x100.jpg 100w\" sizes=\"(max-width: 500px) 100vw, 500px\" \/><h2 class=\"woocommerce-loop-product__title\">Ulje za masa\u017eu Kokos 1000ml<\/h2>\n\t<span class=\"price\"><span class=\"woocommerce-Price-amount amount\"><bdi>12.50&nbsp;<span class=\"woocommerce-Price-currencySymbol\">&euro;<\/span><\/bdi><\/span> <small class=\"woocommerce-price-suffix\">bez PDV-a<\/small><\/span>\n<\/a><a href=\"\/en\/wp-json\/wp\/v2\/pages\/28?add-to-cart=2836\" aria-describedby=\"woocommerce_loop_add_to_cart_link_describedby_2836\" data-quantity=\"1\" class=\"button product_type_simple add_to_cart_button ajax_add_to_cart\" data-product_id=\"2836\" data-product_sku=\"mas001\" aria-label=\"Add to basket: &ldquo;Ulje za masa\u017eu Kokos 1000ml&rdquo;\" rel=\"nofollow\" data-success_message=\"&ldquo;Ulje za masa\u017eu Kokos 1000ml&rdquo; has been added to your cart\" role=\"button\">Add to basket<\/a>\t<span id=\"woocommerce_loop_add_to_cart_link_describedby_2836\" class=\"screen-reader-text\">\n\t\t\t<\/span>\n<\/li>\n<li class=\"product type-product post-3524 status-publish instock product_cat-post-depilation-cosmetics product_cat-preparati-prije-depilacije has-post-thumbnail taxable shipping-taxable purchasable product-type-simple\">\n\t<a href=\"https:\/\/naturdepil.hr\/en\/product\/prepil-gel-500ml\/\" class=\"woocommerce-LoopProduct-link woocommerce-loop-product__link\"><img loading=\"lazy\" decoding=\"async\" width=\"500\" height=\"500\" src=\"https:\/\/naturdepil.hr\/wp-content\/uploads\/2024\/09\/4-500x500.png\" class=\"attachment-woocommerce_thumbnail size-woocommerce_thumbnail\" alt=\"Naturdepil Prepil gel 500ml\" srcset=\"https:\/\/naturdepil.hr\/wp-content\/uploads\/2024\/09\/4-500x500.png 500w, https:\/\/naturdepil.hr\/wp-content\/uploads\/2024\/09\/4-1024x1024.png 1024w, https:\/\/naturdepil.hr\/wp-content\/uploads\/2024\/09\/4-200x200.png 200w, https:\/\/naturdepil.hr\/wp-content\/uploads\/2024\/09\/4-768x768.png 768w, https:\/\/naturdepil.hr\/wp-content\/uploads\/2024\/09\/4-12x12.png 12w, https:\/\/naturdepil.hr\/wp-content\/uploads\/2024\/09\/4-800x800.png 800w, https:\/\/naturdepil.hr\/wp-content\/uploads\/2024\/09\/4-100x100.png 100w, https:\/\/naturdepil.hr\/wp-content\/uploads\/2024\/09\/4.png 1080w\" sizes=\"(max-width: 500px) 100vw, 500px\" \/><h2 class=\"woocommerce-loop-product__title\">Naturdepil Prepil gel 500ml<\/h2>\n\t<span class=\"price\"><span class=\"woocommerce-Price-amount amount\"><bdi>18.90&nbsp;<span class=\"woocommerce-Price-currencySymbol\">&euro;<\/span><\/bdi><\/span> <small class=\"woocommerce-price-suffix\">bez PDV-a<\/small><\/span>\n<\/a><a href=\"\/en\/wp-json\/wp\/v2\/pages\/28?add-to-cart=3524\" aria-describedby=\"woocommerce_loop_add_to_cart_link_describedby_3524\" data-quantity=\"1\" class=\"button product_type_simple add_to_cart_button ajax_add_to_cart\" data-product_id=\"3524\" data-product_sku=\"\" aria-label=\"Add to basket: &ldquo;Naturdepil Prepil gel 500ml&rdquo;\" rel=\"nofollow\" data-success_message=\"&ldquo;Naturdepil Prepil gel 500ml&rdquo; has been added to your cart\" role=\"button\">Add to basket<\/a>\t<span id=\"woocommerce_loop_add_to_cart_link_describedby_3524\" class=\"screen-reader-text\">\n\t\t\t<\/span>\n<\/li>\n<li class=\"product type-product post-2831 status-publish instock product_cat-roll-on-wax has-post-thumbnail taxable shipping-taxable purchasable product-type-simple\">\n\t<a href=\"https:\/\/naturdepil.hr\/en\/product\/roll-on-patrona-ruzmarin-110ml\/\" class=\"woocommerce-LoopProduct-link woocommerce-loop-product__link\"><img loading=\"lazy\" decoding=\"async\" width=\"500\" height=\"500\" src=\"https:\/\/naturdepil.hr\/wp-content\/uploads\/2024\/09\/rollon-rosemary-500x500.jpg\" class=\"attachment-woocommerce_thumbnail size-woocommerce_thumbnail\" alt=\"Roll-on patrona Ru\u017emarin 110ml \/ kutija 20 komada\/\" srcset=\"https:\/\/naturdepil.hr\/wp-content\/uploads\/2024\/09\/rollon-rosemary-500x500.jpg 500w, https:\/\/naturdepil.hr\/wp-content\/uploads\/2024\/09\/rollon-rosemary-200x200.jpg 200w, https:\/\/naturdepil.hr\/wp-content\/uploads\/2024\/09\/rollon-rosemary-100x100.jpg 100w\" sizes=\"(max-width: 500px) 100vw, 500px\" \/><h2 class=\"woocommerce-loop-product__title\">Roll-on patrona Ru\u017emarin 110ml \/ kutija 20 komada\/<\/h2>\n\t<span class=\"price\"><span class=\"woocommerce-Price-amount amount\"><bdi>37.00&nbsp;<span class=\"woocommerce-Price-currencySymbol\">&euro;<\/span><\/bdi><\/span> <small class=\"woocommerce-price-suffix\">bez PDV-a<\/small><\/span>\n<\/a><a href=\"\/en\/wp-json\/wp\/v2\/pages\/28?add-to-cart=2831\" aria-describedby=\"woocommerce_loop_add_to_cart_link_describedby_2831\" data-quantity=\"1\" class=\"button product_type_simple add_to_cart_button ajax_add_to_cart\" data-product_id=\"2831\" data-product_sku=\"vsk004\" aria-label=\"Add to basket: &ldquo;Roll-on patrona Ru\u017emarin 110ml \/ kutija 20 komada\/&rdquo;\" rel=\"nofollow\" data-success_message=\"&ldquo;Roll-on patrona Ru\u017emarin 110ml \/ kutija 20 komada\/&rdquo; has been added to your cart\" role=\"button\">Add to basket<\/a>\t<span id=\"woocommerce_loop_add_to_cart_link_describedby_2831\" class=\"screen-reader-text\">\n\t\t\t<\/span>\n<\/li>\n<li class=\"product type-product post-3482 status-publish last instock product_cat-roll-on-wax has-post-thumbnail taxable shipping-taxable purchasable product-type-simple\">\n\t<a href=\"https:\/\/naturdepil.hr\/en\/product\/proline-roll-on-patrona-pink-110ml-kutija-50-komada\/\" class=\"woocommerce-LoopProduct-link woocommerce-loop-product__link\"><img loading=\"lazy\" decoding=\"async\" width=\"500\" height=\"500\" src=\"https:\/\/naturdepil.hr\/wp-content\/uploads\/2024\/09\/Patrona-Pink-500x500.jpg\" class=\"attachment-woocommerce_thumbnail size-woocommerce_thumbnail\" alt=\"Proline by Naturdepil Roll-on patrona Pink 100ml \/1,25EUR kom. VPC\/\/ kutija 50 komada\/\" srcset=\"https:\/\/naturdepil.hr\/wp-content\/uploads\/2024\/09\/Patrona-Pink-500x500.jpg 500w, https:\/\/naturdepil.hr\/wp-content\/uploads\/2024\/09\/Patrona-Pink-200x200.jpg 200w, https:\/\/naturdepil.hr\/wp-content\/uploads\/2024\/09\/Patrona-Pink-768x768.jpg 768w, https:\/\/naturdepil.hr\/wp-content\/uploads\/2024\/09\/Patrona-Pink-12x12.jpg 12w, https:\/\/naturdepil.hr\/wp-content\/uploads\/2024\/09\/Patrona-Pink-100x100.jpg 100w, https:\/\/naturdepil.hr\/wp-content\/uploads\/2024\/09\/Patrona-Pink.jpg 800w\" sizes=\"(max-width: 500px) 100vw, 500px\" \/><h2 class=\"woocommerce-loop-product__title\">Proline by Naturdepil Roll-on patrona Pink 100ml \/1,25EUR kom. VPC\/\/ kutija 50 komada\/<\/h2>\n\t<span class=\"price\"><span class=\"woocommerce-Price-amount amount\"><bdi>62.50&nbsp;<span class=\"woocommerce-Price-currencySymbol\">&euro;<\/span><\/bdi><\/span> <small class=\"woocommerce-price-suffix\">bez PDV-a<\/small><\/span>\n<\/a><a href=\"\/en\/wp-json\/wp\/v2\/pages\/28?add-to-cart=3482\" aria-describedby=\"woocommerce_loop_add_to_cart_link_describedby_3482\" data-quantity=\"1\" class=\"button product_type_simple add_to_cart_button ajax_add_to_cart\" data-product_id=\"3482\" data-product_sku=\"\" aria-label=\"Add to basket: &ldquo;Proline by Naturdepil Roll-on patrona Pink 100ml \/1,25EUR kom. VPC\/\/ kutija 50 komada\/&rdquo;\" rel=\"nofollow\" data-success_message=\"&ldquo;Proline by Naturdepil Roll-on patrona Pink 100ml \/1,25EUR kom. VPC\/\/ kutija 50 komada\/&rdquo; has been added to your cart\" role=\"button\">Add to basket<\/a>\t<span id=\"woocommerce_loop_add_to_cart_link_describedby_3482\" class=\"screen-reader-text\">\n\t\t\t<\/span>\n<\/li>\n<li class=\"product type-product post-2835 status-publish first instock product_cat-roll-on-wax has-post-thumbnail taxable shipping-taxable purchasable product-type-simple\">\n\t<a href=\"https:\/\/naturdepil.hr\/en\/product\/roll-on-patrona-maslina-110ml\/\" class=\"woocommerce-LoopProduct-link woocommerce-loop-product__link\"><img loading=\"lazy\" decoding=\"async\" width=\"500\" height=\"500\" src=\"https:\/\/naturdepil.hr\/wp-content\/uploads\/2024\/09\/rollon-olive-500x500.jpg\" class=\"attachment-woocommerce_thumbnail size-woocommerce_thumbnail\" alt=\"Roll-on Patrona Maslina 110ml \/ kutija 20 komada\/\" srcset=\"https:\/\/naturdepil.hr\/wp-content\/uploads\/2024\/09\/rollon-olive-500x500.jpg 500w, https:\/\/naturdepil.hr\/wp-content\/uploads\/2024\/09\/rollon-olive-200x200.jpg 200w, https:\/\/naturdepil.hr\/wp-content\/uploads\/2024\/09\/rollon-olive-100x100.jpg 100w\" sizes=\"(max-width: 500px) 100vw, 500px\" \/><h2 class=\"woocommerce-loop-product__title\">Roll-on Patrona Maslina 110ml \/ kutija 20 komada\/<\/h2>\n\t<span class=\"price\"><span class=\"woocommerce-Price-amount amount\"><bdi>37.00&nbsp;<span class=\"woocommerce-Price-currencySymbol\">&euro;<\/span><\/bdi><\/span> <small class=\"woocommerce-price-suffix\">bez PDV-a<\/small><\/span>\n<\/a><a href=\"\/en\/wp-json\/wp\/v2\/pages\/28?add-to-cart=2835\" aria-describedby=\"woocommerce_loop_add_to_cart_link_describedby_2835\" data-quantity=\"1\" class=\"button product_type_simple add_to_cart_button ajax_add_to_cart\" data-product_id=\"2835\" data-product_sku=\"vsk006\" aria-label=\"Add to basket: &ldquo;Roll-on Patrona Maslina 110ml \/ kutija 20 komada\/&rdquo;\" rel=\"nofollow\" data-success_message=\"&ldquo;Roll-on Patrona Maslina 110ml \/ kutija 20 komada\/&rdquo; has been added to your cart\" role=\"button\">Add to basket<\/a>\t<span id=\"woocommerce_loop_add_to_cart_link_describedby_2835\" class=\"screen-reader-text\">\n\t\t\t<\/span>\n<\/li>\n<li class=\"product type-product post-2223 status-publish instock product_cat-roll-on-cartridge-heaters has-post-thumbnail taxable shipping-taxable purchasable product-type-simple\">\n\t<a href=\"https:\/\/naturdepil.hr\/en\/product\/grijac-za-vosak-2x25w-duo\/\" class=\"woocommerce-LoopProduct-link woocommerce-loop-product__link\"><img loading=\"lazy\" decoding=\"async\" width=\"500\" height=\"500\" src=\"https:\/\/naturdepil.hr\/wp-content\/uploads\/2018\/02\/grijac_duo-500x500.jpg\" class=\"attachment-woocommerce_thumbnail size-woocommerce_thumbnail\" alt=\"Naturdepil Grija\u010d za vosak 2x25W - DUO\" srcset=\"https:\/\/naturdepil.hr\/wp-content\/uploads\/2018\/02\/grijac_duo-500x500.jpg 500w, https:\/\/naturdepil.hr\/wp-content\/uploads\/2018\/02\/grijac_duo-100x100.jpg 100w, https:\/\/naturdepil.hr\/wp-content\/uploads\/2018\/02\/grijac_duo-200x200.jpg 200w, https:\/\/naturdepil.hr\/wp-content\/uploads\/2018\/02\/grijac_duo-768x768.jpg 768w, https:\/\/naturdepil.hr\/wp-content\/uploads\/2018\/02\/grijac_duo-600x600.jpg 600w, https:\/\/naturdepil.hr\/wp-content\/uploads\/2018\/02\/grijac_duo-266x266.jpg 266w, https:\/\/naturdepil.hr\/wp-content\/uploads\/2018\/02\/grijac_duo-265x265.jpg 265w, https:\/\/naturdepil.hr\/wp-content\/uploads\/2018\/02\/grijac_duo-400x400.jpg 400w, https:\/\/naturdepil.hr\/wp-content\/uploads\/2018\/02\/grijac_duo-250x250.jpg 250w, https:\/\/naturdepil.hr\/wp-content\/uploads\/2018\/02\/grijac_duo-88x88.jpg 88w, https:\/\/naturdepil.hr\/wp-content\/uploads\/2018\/02\/grijac_duo-32x32.jpg 32w, https:\/\/naturdepil.hr\/wp-content\/uploads\/2018\/02\/grijac_duo.jpg 800w\" sizes=\"(max-width: 500px) 100vw, 500px\" \/><h2 class=\"woocommerce-loop-product__title\">Naturdepil Grija\u010d za vosak 2x25W &#8211; DUO<\/h2>\n\t<span class=\"price\"><span class=\"woocommerce-Price-amount amount\"><bdi>48.00&nbsp;<span class=\"woocommerce-Price-currencySymbol\">&euro;<\/span><\/bdi><\/span> <small class=\"woocommerce-price-suffix\">bez PDV-a<\/small><\/span>\n<\/a><a href=\"\/en\/wp-json\/wp\/v2\/pages\/28?add-to-cart=2223\" aria-describedby=\"woocommerce_loop_add_to_cart_link_describedby_2223\" data-quantity=\"1\" class=\"button product_type_simple add_to_cart_button ajax_add_to_cart\" data-product_id=\"2223\" data-product_sku=\"gzv002\" aria-label=\"Add to basket: &ldquo;Naturdepil Grija\u010d za vosak 2x25W - DUO&rdquo;\" rel=\"nofollow\" data-success_message=\"&ldquo;Naturdepil Grija\u010d za vosak 2x25W - DUO&rdquo; has been added to your cart\" role=\"button\">Add to basket<\/a>\t<span id=\"woocommerce_loop_add_to_cart_link_describedby_2223\" class=\"screen-reader-text\">\n\t\t\t<\/span>\n<\/li>\n<li class=\"product type-product post-2829 status-publish instock product_cat-roll-on-wax has-post-thumbnail taxable shipping-taxable purchasable product-type-simple\">\n\t<a href=\"https:\/\/naturdepil.hr\/en\/product\/roll-on-patrona-menta-110ml\/\" class=\"woocommerce-LoopProduct-link woocommerce-loop-product__link\"><img loading=\"lazy\" decoding=\"async\" width=\"500\" height=\"500\" src=\"https:\/\/naturdepil.hr\/wp-content\/uploads\/2024\/09\/rollon-mint-500x500.jpg\" class=\"attachment-woocommerce_thumbnail size-woocommerce_thumbnail\" alt=\"Roll-on patrona Menta 110ml \/ kutija 20 komada\/\" srcset=\"https:\/\/naturdepil.hr\/wp-content\/uploads\/2024\/09\/rollon-mint-500x500.jpg 500w, https:\/\/naturdepil.hr\/wp-content\/uploads\/2024\/09\/rollon-mint-200x200.jpg 200w, https:\/\/naturdepil.hr\/wp-content\/uploads\/2024\/09\/rollon-mint-100x100.jpg 100w\" sizes=\"(max-width: 500px) 100vw, 500px\" \/><h2 class=\"woocommerce-loop-product__title\">Roll-on patrona Menta 110ml \/ kutija 20 komada\/<\/h2>\n\t<span class=\"price\"><span class=\"woocommerce-Price-amount amount\"><bdi>37.00&nbsp;<span class=\"woocommerce-Price-currencySymbol\">&euro;<\/span><\/bdi><\/span> <small class=\"woocommerce-price-suffix\">bez PDV-a<\/small><\/span>\n<\/a><a href=\"\/en\/wp-json\/wp\/v2\/pages\/28?add-to-cart=2829\" aria-describedby=\"woocommerce_loop_add_to_cart_link_describedby_2829\" data-quantity=\"1\" class=\"button product_type_simple add_to_cart_button ajax_add_to_cart\" data-product_id=\"2829\" data-product_sku=\"vsk003\" aria-label=\"Add to basket: &ldquo;Roll-on patrona Menta 110ml \/ kutija 20 komada\/&rdquo;\" rel=\"nofollow\" data-success_message=\"&ldquo;Roll-on patrona Menta 110ml \/ kutija 20 komada\/&rdquo; has been added to your cart\" role=\"button\">Add to basket<\/a>\t<span id=\"woocommerce_loop_add_to_cart_link_describedby_2829\" class=\"screen-reader-text\">\n\t\t\t<\/span>\n<\/li>\n<li class=\"product type-product post-3479 status-publish last instock product_cat-roll-on-wax has-post-thumbnail taxable shipping-taxable purchasable product-type-simple\">\n\t<a href=\"https:\/\/naturdepil.hr\/en\/product\/proline-roll-on-patrona-azur110ml-kutija-50-komada\/\" class=\"woocommerce-LoopProduct-link woocommerce-loop-product__link\"><img loading=\"lazy\" decoding=\"async\" width=\"500\" height=\"500\" src=\"https:\/\/naturdepil.hr\/wp-content\/uploads\/2024\/09\/Patrona_Azur_Proline.png\" class=\"attachment-woocommerce_thumbnail size-woocommerce_thumbnail\" alt=\"Proline by Naturdepil Roll-on patrona Azur 100ml \/1,25EUR kom. VPC\/\/ kutija 50 komada\/\" srcset=\"https:\/\/naturdepil.hr\/wp-content\/uploads\/2024\/09\/Patrona_Azur_Proline.png 500w, https:\/\/naturdepil.hr\/wp-content\/uploads\/2024\/09\/Patrona_Azur_Proline-200x200.png 200w, https:\/\/naturdepil.hr\/wp-content\/uploads\/2024\/09\/Patrona_Azur_Proline-12x12.png 12w, https:\/\/naturdepil.hr\/wp-content\/uploads\/2024\/09\/Patrona_Azur_Proline-100x100.png 100w\" sizes=\"(max-width: 500px) 100vw, 500px\" \/><h2 class=\"woocommerce-loop-product__title\">Proline by Naturdepil Roll-on patrona Azur 100ml \/1,25EUR kom. VPC\/\/ kutija 50 komada\/<\/h2>\n\t<span class=\"price\"><span class=\"woocommerce-Price-amount amount\"><bdi>62.50&nbsp;<span class=\"woocommerce-Price-currencySymbol\">&euro;<\/span><\/bdi><\/span> <small class=\"woocommerce-price-suffix\">bez PDV-a<\/small><\/span>\n<\/a><a href=\"\/en\/wp-json\/wp\/v2\/pages\/28?add-to-cart=3479\" aria-describedby=\"woocommerce_loop_add_to_cart_link_describedby_3479\" data-quantity=\"1\" class=\"button product_type_simple add_to_cart_button ajax_add_to_cart\" data-product_id=\"3479\" data-product_sku=\"\" aria-label=\"Add to basket: &ldquo;Proline by Naturdepil Roll-on patrona Azur 100ml \/1,25EUR kom. VPC\/\/ kutija 50 komada\/&rdquo;\" rel=\"nofollow\" data-success_message=\"&ldquo;Proline by Naturdepil Roll-on patrona Azur 100ml \/1,25EUR kom. VPC\/\/ kutija 50 komada\/&rdquo; has been added to your cart\" role=\"button\">Add to basket<\/a>\t<span id=\"woocommerce_loop_add_to_cart_link_describedby_3479\" class=\"screen-reader-text\">\n\t\t\t<\/span>\n<\/li>\n<\/ul>\n<\/div>\t\t\t\t<\/div>\n\t\t\t\t<\/div>\n\t\t\t\t\t<\/div>\n\t\t<\/div>\n\t\t\t\t\t<\/div>\n\t\t<\/section>\n\t\t\t\t<section class=\"elementor-section elementor-top-section elementor-element elementor-element-d2f7a66 elementor-section-boxed elementor-section-height-default elementor-section-height-default\" data-id=\"d2f7a66\" data-element_type=\"section\" data-e-type=\"section\">\n\t\t\t\t\t\t<div class=\"elementor-container elementor-column-gap-default\">\n\t\t\t\t\t<div class=\"elementor-column elementor-col-100 elementor-top-column elementor-element elementor-element-7ec2e5f\" data-id=\"7ec2e5f\" data-element_type=\"column\" data-e-type=\"column\">\n\t\t\t<div class=\"elementor-widget-wrap elementor-element-populated\">\n\t\t\t\t\t\t<div class=\"elementor-element elementor-element-8878c64 elementor-widget elementor-widget-spacer\" data-id=\"8878c64\" data-element_type=\"widget\" data-e-type=\"widget\" data-widget_type=\"spacer.default\">\n\t\t\t\t<div class=\"elementor-widget-container\">\n\t\t\t\t\t\t\t<div class=\"elementor-spacer\">\n\t\t\t<div class=\"elementor-spacer-inner\"><\/div>\n\t\t<\/div>\n\t\t\t\t\t\t<\/div>\n\t\t\t\t<\/div>\n\t\t\t\t<div class=\"elementor-element elementor-element-5e2c635 elementor-widget elementor-widget-heading\" data-id=\"5e2c635\" data-element_type=\"widget\" data-e-type=\"widget\" data-widget_type=\"heading.default\">\n\t\t\t\t<div class=\"elementor-widget-container\">\n\t\t\t\t\t<h2 class=\"elementor-heading-title elementor-size-default\">Naturdepil protokol<\/h2>\t\t\t\t<\/div>\n\t\t\t\t<\/div>\n\t\t\t\t<div class=\"elementor-element elementor-element-5dd9e31 elementor-widget-divider--view-line elementor-widget elementor-widget-divider\" data-id=\"5dd9e31\" data-element_type=\"widget\" data-e-type=\"widget\" data-widget_type=\"divider.default\">\n\t\t\t\t<div class=\"elementor-widget-container\">\n\t\t\t\t\t\t\t<div class=\"elementor-divider\">\n\t\t\t<span class=\"elementor-divider-separator\">\n\t\t\t\t\t\t<\/span>\n\t\t<\/div>\n\t\t\t\t\t\t<\/div>\n\t\t\t\t<\/div>\n\t\t\t\t\t<\/div>\n\t\t<\/div>\n\t\t\t\t\t<\/div>\n\t\t<\/section>\n\t\t\t\t<section class=\"elementor-section elementor-top-section elementor-element elementor-element-9e07b9a elementor-section-full_width elementor-section-height-default elementor-section-height-default\" data-id=\"9e07b9a\" data-element_type=\"section\" data-e-type=\"section\">\n\t\t\t\t\t\t<div class=\"elementor-container elementor-column-gap-default\">\n\t\t\t\t\t<div class=\"elementor-column elementor-col-100 elementor-top-column elementor-element elementor-element-d902e07\" data-id=\"d902e07\" data-element_type=\"column\" data-e-type=\"column\">\n\t\t\t<div class=\"elementor-widget-wrap elementor-element-populated\">\n\t\t\t\t\t\t<div class=\"elementor-element elementor-element-b14601e elementor-widget elementor-widget-video\" data-id=\"b14601e\" data-element_type=\"widget\" data-e-type=\"widget\" data-settings=\"{&quot;youtube_url&quot;:&quot;https:\\\/\\\/www.youtube.com\\\/watch?v=uz6duXdztfo&quot;,&quot;yt_privacy&quot;:&quot;yes&quot;,&quot;video_type&quot;:&quot;youtube&quot;,&quot;controls&quot;:&quot;yes&quot;}\" data-widget_type=\"video.default\">\n\t\t\t\t<div class=\"elementor-widget-container\">\n\t\t\t\t\t\t\t<div class=\"elementor-wrapper elementor-open-inline\">\n\t\t\t<div class=\"elementor-video\"><\/div>\t\t<\/div>\n\t\t\t\t\t\t<\/div>\n\t\t\t\t<\/div>\n\t\t\t\t\t<\/div>\n\t\t<\/div>\n\t\t\t\t\t<\/div>\n\t\t<\/section>\n\t\t\t\t<section class=\"elementor-section elementor-top-section elementor-element elementor-element-19106b3 elementor-section-boxed elementor-section-height-default elementor-section-height-default\" data-id=\"19106b3\" data-element_type=\"section\" data-e-type=\"section\" data-settings=\"{&quot;background_background&quot;:&quot;classic&quot;}\">\n\t\t\t\t\t\t<div class=\"elementor-container elementor-column-gap-default\">\n\t\t\t\t\t<div class=\"elementor-column elementor-col-100 elementor-top-column elementor-element elementor-element-3fed93e\" data-id=\"3fed93e\" data-element_type=\"column\" data-e-type=\"column\">\n\t\t\t<div class=\"elementor-widget-wrap elementor-element-populated\">\n\t\t\t\t\t\t<div class=\"elementor-element elementor-element-2c969b6 elementor-widget elementor-widget-heading\" data-id=\"2c969b6\" data-element_type=\"widget\" data-e-type=\"widget\" data-widget_type=\"heading.default\">\n\t\t\t\t<div class=\"elementor-widget-container\">\n\t\t\t\t\t<h2 class=\"elementor-heading-title elementor-size-default\">Saznajte o NATURDEPIL pogodnostima na vrijeme!<\/h2>\t\t\t\t<\/div>\n\t\t\t\t<\/div>\n\t\t\t\t<div class=\"elementor-element elementor-element-2c8a8f8 elementor-widget elementor-widget-heading\" data-id=\"2c8a8f8\" data-element_type=\"widget\" data-e-type=\"widget\" data-widget_type=\"heading.default\">\n\t\t\t\t<div class=\"elementor-widget-container\">\n\t\t\t\t\t<h5 class=\"elementor-heading-title elementor-size-default\">Pretplatite se na na\u0161 newsletter!<\/h5>\t\t\t\t<\/div>\n\t\t\t\t<\/div>\n\t\t\t\t<div class=\"elementor-element elementor-element-d68ff87 elementor-button-align-center elementor-widget elementor-widget-form\" data-id=\"d68ff87\" data-element_type=\"widget\" data-e-type=\"widget\" data-settings=\"{&quot;step_next_label&quot;:&quot;Next&quot;,&quot;step_previous_label&quot;:&quot;Previous&quot;,&quot;button_width&quot;:&quot;100&quot;,&quot;step_type&quot;:&quot;number_text&quot;,&quot;step_icon_shape&quot;:&quot;circle&quot;}\" data-widget_type=\"form.default\">\n\t\t\t\t<div class=\"elementor-widget-container\">\n\t\t\t\t\t\t\t<form class=\"elementor-form\" method=\"post\" name=\"Naturdepil NL\" aria-label=\"Naturdepil NL\">\n\t\t\t<input type=\"hidden\" name=\"post_id\" value=\"28\"\/>\n\t\t\t<input type=\"hidden\" name=\"form_id\" value=\"d68ff87\"\/>\n\t\t\t<input type=\"hidden\" name=\"referer_title\" value=\"\" \/>\n\n\t\t\t\t\t\t\t<input type=\"hidden\" name=\"queried_id\" value=\"28\"\/>\n\t\t\t\n\t\t\t<div class=\"elementor-form-fields-wrapper elementor-labels-\">\n\t\t\t\t\t\t\t\t<div class=\"elementor-field-type-email elementor-field-group elementor-column elementor-field-group-email elementor-col-100 elementor-field-required\">\n\t\t\t\t\t\t\t\t\t\t\t\t<label for=\"form-field-email\" class=\"elementor-field-label elementor-screen-only\">\n\t\t\t\t\t\t\t\tEmail\t\t\t\t\t\t\t<\/label>\n\t\t\t\t\t\t\t\t\t\t\t\t\t\t<input size=\"1\" type=\"email\" name=\"form_fields[email]\" id=\"form-field-email\" class=\"elementor-field elementor-size-md  elementor-field-textual\" placeholder=\"Molimo unesite va\u0161u email adresu\" required=\"required\">\n\t\t\t\t\t\t\t\t\t\t\t<\/div>\n\t\t\t\t\t\t\t\t<div class=\"elementor-field-group elementor-column elementor-field-type-submit elementor-col-100 e-form__buttons\">\n\t\t\t\t\t<button class=\"elementor-button elementor-size-sm\" type=\"submit\">\n\t\t\t\t\t\t<span class=\"elementor-button-content-wrapper\">\n\t\t\t\t\t\t\t\t\t\t\t\t\t\t\t<span class=\"elementor-button-icon\">\n\t\t\t\t\t\t\t\t\t<i aria-hidden=\"true\" class=\"far fa-envelope\"><\/i>\t\t\t\t\t\t\t\t\t\t\t\t\t\t\t\t\t<\/span>\n\t\t\t\t\t\t\t\t\t\t\t\t\t\t\t\t\t\t\t\t\t\t<span class=\"elementor-button-text\">Po\u0161alji<\/span>\n\t\t\t\t\t\t\t\t\t\t\t\t\t<\/span>\n\t\t\t\t\t<\/button>\n\t\t\t\t<\/div>\n\t\t\t<\/div>\n\t\t<\/form>\n\t\t\t\t\t\t<\/div>\n\t\t\t\t<\/div>\n\t\t\t\t\t<\/div>\n\t\t<\/div>\n\t\t\t\t\t<\/div>\n\t\t<\/section>\n\t\t\t\t<\/div>\n\t\t","protected":false},"excerpt":{"rendered":"<p>Dobro do\u0161li u novu revoluciju profesionalne depilacijeNa\u010dela ljepote se mijenjaju&#8230;Saznaj vi\u0161eInovativna depilacijska kozmetikaZa tretmane prije i poslije depiliranjaSaznaj vi\u0161eAktivni sastojci ljekovitih biljakaDepilacijski tretmani na principu fitoterpijeSaznaj vi\u0161e Previous slide Next slide Zadnje novosti Izdvojeni proizvodi Naturdepil protokol Saznajte o NATURDEPIL pogodnostima na vrijeme! Pretplatite se na na\u0161 newsletter!<\/p>","protected":false},"author":1,"featured_media":0,"parent":0,"menu_order":0,"comment_status":"closed","ping_status":"closed","template":"elementor_header_footer","meta":{"footnotes":""},"class_list":["post-28","page","type-page","status-publish","hentry"],"_links":{"self":[{"href":"https:\/\/naturdepil.hr\/en\/wp-json\/wp\/v2\/pages\/28","targetHints":{"allow":["GET"]}}],"collection":[{"href":"https:\/\/naturdepil.hr\/en\/wp-json\/wp\/v2\/pages"}],"about":[{"href":"https:\/\/naturdepil.hr\/en\/wp-json\/wp\/v2\/types\/page"}],"author":[{"embeddable":true,"href":"https:\/\/naturdepil.hr\/en\/wp-json\/wp\/v2\/users\/1"}],"replies":[{"embeddable":true,"href":"https:\/\/naturdepil.hr\/en\/wp-json\/wp\/v2\/comments?post=28"}],"version-history":[{"count":67,"href":"https:\/\/naturdepil.hr\/en\/wp-json\/wp\/v2\/pages\/28\/revisions"}],"predecessor-version":[{"id":3438,"href":"https:\/\/naturdepil.hr\/en\/wp-json\/wp\/v2\/pages\/28\/revisions\/3438"}],"wp:attachment":[{"href":"https:\/\/naturdepil.hr\/en\/wp-json\/wp\/v2\/media?parent=28"}],"curies":[{"name":"wp","href":"https:\/\/api.w.org\/{rel}","templated":true}]}}